{"id":794,"date":"2020-01-16T22:25:03","date_gmt":"2020-01-16T22:25:03","guid":{"rendered":"https:\/\/mirandoacuenca.es\/?post_type=mphb_room_type&#038;p=794"},"modified":"2024-08-26T10:45:32","modified_gmt":"2024-08-26T10:45:32","slug":"vivienda-de-uso-turistico-de-alquiler","status":"publish","type":"mphb_room_type","link":"https:\/\/mirandoacuenca.es\/index.php\/accommodation\/vivienda-de-uso-turistico-de-alquiler\/","title":{"rendered":"Mirando a Cuenca"},"content":{"rendered":"<p style=\"text-align: center;\">Vivienda de uso tur\u00edstico de alquiler en el casco antiguo de Cuenca especial para familias , fines de semana , puentes , escapadas rom\u00e1nticas, alojamiento tur\u00edstico para vacaciones , situaci\u00f3n clave para el turismo de la ciudad y vistas a la Hoz del J\u00facar.<\/p>\n<p style=\"text-align: center;\">Muy acogedor y cercano al parking de calle San Pedro, en plena plaza de San Nicol\u00e1s y a 200 metros de las casas colgadas , puente San Pablo etc.<\/p>\n<p style=\"text-align: center;\">Vivienda de uso tur\u00edstico en Cuenca que pueden alojarse hasta 6 personas, reci\u00e9n reformado. Inscrita como Apartamento Tur\u00edstico por La Consejer\u00eda de Empresas y Empleo de la Junta de Comunidades de Castilla La Mancha con numero 16012310089.<\/p>\n<p style=\"text-align: center;\"><strong>Tarifas<\/strong><\/p>\n<p>\u00a0 \u00a0 \u00a0 \u00a0 \u00a0 \u00a0 \u00a0 \u00a0 \u00a0 \u00a0 \u00a0 \u00a0 \u00a0 \u00a0 \u00a0 \u00a0 \u00a0 \u00a0 \u00a0 \u00a0 \u00a0 \u00a0 \u00a0 \u00a0 \u00a0 \u00a0 \u00a0 \u00a0 \u00a0 \u00a0 \u00a0 \u00a0 \u00a0 \u00a0 \u00a0 \u00a0 \u00a0 \u00a0 \u00a0 Minimo 2 noches<\/p>\n<p style=\"text-align: center;\">105\u20ac por noche para 1-4 hu\u00e9spedes \/ 155\u20ac por noche para 5-6 hu\u00e9spedes\/temporada baja<\/p>\n<p style=\"text-align: center;\">125\u20ac por noche para 1-4 hu\u00e9spedes \/ 175\u20ac por noche para 5-6 hu\u00e9spedes\/temporada media Puentes<\/p>\n<p style=\"text-align: center;\">145\u20ac por noche para 1-4 hu\u00e9spedes \/ 195\u20ac por noche para 5-6 hu\u00e9spedes\/temporada Alta Semana Santa y Navidad<\/p>\n<p>\u00a0 \u00a0 \u00a0 \u00a0 \u00a0 \u00a0 \u00a0 \u00a0 \u00a0 \u00a0 \u00a0 \u00a0 \u00a0 \u00a0 \u00a0 \u00a0 \u00a0 \u00a0 \u00a0 \u00a0 \u00a0 \u00a0 \u00a0 Aplicamos un peque\u00f1o cargo extra de 35\u20ac por limpieza en cada estancia.<\/p>\n","protected":false},"excerpt":{"rendered":"<p>Vivienda de uso tur\u00edstico de alquiler en el casco antiguo de Cuenca especial para familias , fines de semana , puentes , escapadas rom\u00e1nticas, alojamiento tur\u00edstico para vacaciones , situaci\u00f3n clave para el turismo de la ciudad y vistas a la Hoz del J\u00facar. Muy acogedor y cercano al parking de calle San Pedro, en [&hellip;]<\/p>\n","protected":false},"featured_media":0,"menu_order":0,"comment_status":"closed","ping_status":"closed","template":"template-boxed-post.php","mphb_room_type_category":[],"mphb_room_type_tag":[],"mphb_room_type_facility":[],"yoast_head":"<!-- This site is optimized with the Yoast SEO plugin v22.9 - https:\/\/yoast.com\/wordpress\/plugins\/seo\/ -->\n<title>Vivienda de uso tur\u00edstico de alquiler - Mirando a Cuenca<\/title>\n<meta name=\"description\" content=\"Vivienda de uso tur\u00edstico de alquiler en el casco antiguo de Cuenca especial para familias , fines de semana , puentes , escapadas rom\u00e1nticas\" \/>\n<meta name=\"robots\" content=\"index, follow, max-snippet:-1, max-image-preview:large, max-video-preview:-1\" \/>\n<link rel=\"canonical\" href=\"https:\/\/mirandoacuenca.es\/index.php\/accommodation\/vivienda-de-uso-turistico-de-alquiler\/\" \/>\n<meta property=\"og:locale\" content=\"es_ES\" \/>\n<meta property=\"og:type\" content=\"article\" \/>\n<meta property=\"og:title\" content=\"Vivienda de uso tur\u00edstico de alquiler - Mirando a Cuenca\" \/>\n<meta property=\"og:description\" content=\"Vivienda de uso tur\u00edstico de alquiler en el casco antiguo de Cuenca especial para familias , fines de semana , puentes , escapadas rom\u00e1nticas\" \/>\n<meta property=\"og:url\" content=\"https:\/\/mirandoacuenca.es\/index.php\/accommodation\/vivienda-de-uso-turistico-de-alquiler\/\" \/>\n<meta property=\"og:site_name\" content=\"Alquiler Apartamento Tur\u00edstico Casco hist\u00f3rico de Cuenca\" \/>\n<meta property=\"article:modified_time\" content=\"2024-08-26T10:45:32+00:00\" \/>\n<meta name=\"twitter:card\" content=\"summary_large_image\" \/>\n<meta name=\"twitter:label1\" content=\"Tiempo de lectura\" \/>\n\t<meta name=\"twitter:data1\" content=\"1 minuto\" \/>\n<script type=\"application\/ld+json\" class=\"yoast-schema-graph\">{\"@context\":\"https:\/\/schema.org\",\"@graph\":[{\"@type\":\"WebPage\",\"@id\":\"https:\/\/mirandoacuenca.es\/index.php\/accommodation\/vivienda-de-uso-turistico-de-alquiler\/\",\"url\":\"https:\/\/mirandoacuenca.es\/index.php\/accommodation\/vivienda-de-uso-turistico-de-alquiler\/\",\"name\":\"Vivienda de uso tur\u00edstico de alquiler - Mirando a Cuenca\",\"isPartOf\":{\"@id\":\"https:\/\/mirandoacuenca.es\/#website\"},\"datePublished\":\"2020-01-16T22:25:03+00:00\",\"dateModified\":\"2024-08-26T10:45:32+00:00\",\"description\":\"Vivienda de uso tur\u00edstico de alquiler en el casco antiguo de Cuenca especial para familias , fines de semana , puentes , escapadas rom\u00e1nticas\",\"breadcrumb\":{\"@id\":\"https:\/\/mirandoacuenca.es\/index.php\/accommodation\/vivienda-de-uso-turistico-de-alquiler\/#breadcrumb\"},\"inLanguage\":\"es\",\"potentialAction\":[{\"@type\":\"ReadAction\",\"target\":[\"https:\/\/mirandoacuenca.es\/index.php\/accommodation\/vivienda-de-uso-turistico-de-alquiler\/\"]}]},{\"@type\":\"BreadcrumbList\",\"@id\":\"https:\/\/mirandoacuenca.es\/index.php\/accommodation\/vivienda-de-uso-turistico-de-alquiler\/#breadcrumb\",\"itemListElement\":[{\"@type\":\"ListItem\",\"position\":1,\"name\":\"Portada\",\"item\":\"https:\/\/mirandoacuenca.es\/\"},{\"@type\":\"ListItem\",\"position\":2,\"name\":\"Tipos de alojamientos\",\"item\":\"https:\/\/mirandoacuenca.es\/index.php\/accommodation\/\"},{\"@type\":\"ListItem\",\"position\":3,\"name\":\"Mirando a Cuenca\"}]},{\"@type\":\"WebSite\",\"@id\":\"https:\/\/mirandoacuenca.es\/#website\",\"url\":\"https:\/\/mirandoacuenca.es\/\",\"name\":\"Alquiler Apartamento Tur\u00edstico Casco hist\u00f3rico de Cuenca\",\"description\":\"Just another WordPreAlquiler Apartamento Tur\u00edstico Casco hist\u00f3rico de Cuenca, Casa de alquiler en el casco antiguo de Cuenca especial para familias, vacaciones, por d\u00edas, alojamiento vacacional para fines de semana, puentes, Casa rural con Encanto y Acogedora, Casa en Plaza San Nicol\u00e1s y cerca de la catedral de Cuenca, las casas colgadas\",\"publisher\":{\"@id\":\"https:\/\/mirandoacuenca.es\/#organization\"},\"potentialAction\":[{\"@type\":\"SearchAction\",\"target\":{\"@type\":\"EntryPoint\",\"urlTemplate\":\"https:\/\/mirandoacuenca.es\/?s={search_term_string}\"},\"query-input\":\"required name=search_term_string\"}],\"inLanguage\":\"es\"},{\"@type\":\"Organization\",\"@id\":\"https:\/\/mirandoacuenca.es\/#organization\",\"name\":\"Alquiler Apartamento Tur\u00edstico Casco hist\u00f3rico de Cuenca\",\"url\":\"https:\/\/mirandoacuenca.es\/\",\"logo\":{\"@type\":\"ImageObject\",\"inLanguage\":\"es\",\"@id\":\"https:\/\/mirandoacuenca.es\/#\/schema\/logo\/image\/\",\"url\":\"https:\/\/mirandoacuenca.es\/wp-content\/uploads\/2020\/01\/cropped-logo-mirando-a-cuenca-negro.redimensionado.png\",\"contentUrl\":\"https:\/\/mirandoacuenca.es\/wp-content\/uploads\/2020\/01\/cropped-logo-mirando-a-cuenca-negro.redimensionado.png\",\"width\":128,\"height\":80,\"caption\":\"Alquiler Apartamento Tur\u00edstico Casco hist\u00f3rico de Cuenca \"},\"image\":{\"@id\":\"https:\/\/mirandoacuenca.es\/#\/schema\/logo\/image\/\"}}]}<\/script>\n<!-- \/ Yoast SEO plugin. -->","yoast_head_json":{"title":"Vivienda de uso tur\u00edstico de alquiler - Mirando a Cuenca","description":"Vivienda de uso tur\u00edstico de alquiler en el casco antiguo de Cuenca especial para familias , fines de semana , puentes , escapadas rom\u00e1nticas","robots":{"index":"index","follow":"follow","max-snippet":"max-snippet:-1","max-image-preview":"max-image-preview:large","max-video-preview":"max-video-preview:-1"},"canonical":"https:\/\/mirandoacuenca.es\/index.php\/accommodation\/vivienda-de-uso-turistico-de-alquiler\/","og_locale":"es_ES","og_type":"article","og_title":"Vivienda de uso tur\u00edstico de alquiler - Mirando a Cuenca","og_description":"Vivienda de uso tur\u00edstico de alquiler en el casco antiguo de Cuenca especial para familias , fines de semana , puentes , escapadas rom\u00e1nticas","og_url":"https:\/\/mirandoacuenca.es\/index.php\/accommodation\/vivienda-de-uso-turistico-de-alquiler\/","og_site_name":"Alquiler Apartamento Tur\u00edstico Casco hist\u00f3rico de Cuenca","article_modified_time":"2024-08-26T10:45:32+00:00","twitter_card":"summary_large_image","twitter_misc":{"Tiempo de lectura":"1 minuto"},"schema":{"@context":"https:\/\/schema.org","@graph":[{"@type":"WebPage","@id":"https:\/\/mirandoacuenca.es\/index.php\/accommodation\/vivienda-de-uso-turistico-de-alquiler\/","url":"https:\/\/mirandoacuenca.es\/index.php\/accommodation\/vivienda-de-uso-turistico-de-alquiler\/","name":"Vivienda de uso tur\u00edstico de alquiler - Mirando a Cuenca","isPartOf":{"@id":"https:\/\/mirandoacuenca.es\/#website"},"datePublished":"2020-01-16T22:25:03+00:00","dateModified":"2024-08-26T10:45:32+00:00","description":"Vivienda de uso tur\u00edstico de alquiler en el casco antiguo de Cuenca especial para familias , fines de semana , puentes , escapadas rom\u00e1nticas","breadcrumb":{"@id":"https:\/\/mirandoacuenca.es\/index.php\/accommodation\/vivienda-de-uso-turistico-de-alquiler\/#breadcrumb"},"inLanguage":"es","potentialAction":[{"@type":"ReadAction","target":["https:\/\/mirandoacuenca.es\/index.php\/accommodation\/vivienda-de-uso-turistico-de-alquiler\/"]}]},{"@type":"BreadcrumbList","@id":"https:\/\/mirandoacuenca.es\/index.php\/accommodation\/vivienda-de-uso-turistico-de-alquiler\/#breadcrumb","itemListElement":[{"@type":"ListItem","position":1,"name":"Portada","item":"https:\/\/mirandoacuenca.es\/"},{"@type":"ListItem","position":2,"name":"Tipos de alojamientos","item":"https:\/\/mirandoacuenca.es\/index.php\/accommodation\/"},{"@type":"ListItem","position":3,"name":"Mirando a Cuenca"}]},{"@type":"WebSite","@id":"https:\/\/mirandoacuenca.es\/#website","url":"https:\/\/mirandoacuenca.es\/","name":"Alquiler Apartamento Tur\u00edstico Casco hist\u00f3rico de Cuenca","description":"Just another WordPreAlquiler Apartamento Tur\u00edstico Casco hist\u00f3rico de Cuenca, Casa de alquiler en el casco antiguo de Cuenca especial para familias, vacaciones, por d\u00edas, alojamiento vacacional para fines de semana, puentes, Casa rural con Encanto y Acogedora, Casa en Plaza San Nicol\u00e1s y cerca de la catedral de Cuenca, las casas colgadas","publisher":{"@id":"https:\/\/mirandoacuenca.es\/#organization"},"potentialAction":[{"@type":"SearchAction","target":{"@type":"EntryPoint","urlTemplate":"https:\/\/mirandoacuenca.es\/?s={search_term_string}"},"query-input":"required name=search_term_string"}],"inLanguage":"es"},{"@type":"Organization","@id":"https:\/\/mirandoacuenca.es\/#organization","name":"Alquiler Apartamento Tur\u00edstico Casco hist\u00f3rico de Cuenca","url":"https:\/\/mirandoacuenca.es\/","logo":{"@type":"ImageObject","inLanguage":"es","@id":"https:\/\/mirandoacuenca.es\/#\/schema\/logo\/image\/","url":"https:\/\/mirandoacuenca.es\/wp-content\/uploads\/2020\/01\/cropped-logo-mirando-a-cuenca-negro.redimensionado.png","contentUrl":"https:\/\/mirandoacuenca.es\/wp-content\/uploads\/2020\/01\/cropped-logo-mirando-a-cuenca-negro.redimensionado.png","width":128,"height":80,"caption":"Alquiler Apartamento Tur\u00edstico Casco hist\u00f3rico de Cuenca "},"image":{"@id":"https:\/\/mirandoacuenca.es\/#\/schema\/logo\/image\/"}}]}},"_links":{"self":[{"href":"https:\/\/mirandoacuenca.es\/index.php\/wp-json\/wp\/v2\/mphb_room_type\/794"}],"collection":[{"href":"https:\/\/mirandoacuenca.es\/index.php\/wp-json\/wp\/v2\/mphb_room_type"}],"about":[{"href":"https:\/\/mirandoacuenca.es\/index.php\/wp-json\/wp\/v2\/types\/mphb_room_type"}],"replies":[{"embeddable":true,"href":"https:\/\/mirandoacuenca.es\/index.php\/wp-json\/wp\/v2\/comments?post=794"}],"wp:attachment":[{"href":"https:\/\/mirandoacuenca.es\/index.php\/wp-json\/wp\/v2\/media?parent=794"}],"wp:term":[{"taxonomy":"mphb_room_type_category","embeddable":true,"href":"https:\/\/mirandoacuenca.es\/index.php\/wp-json\/wp\/v2\/mphb_room_type_category?post=794"},{"taxonomy":"mphb_room_type_tag","embeddable":true,"href":"https:\/\/mirandoacuenca.es\/index.php\/wp-json\/wp\/v2\/mphb_room_type_tag?post=794"},{"taxonomy":"mphb_room_type_facility","embeddable":true,"href":"https:\/\/mirandoacuenca.es\/index.php\/wp-json\/wp\/v2\/mphb_room_type_facility?post=794"}],"curies":[{"name":"wp","href":"https:\/\/api.w.org\/{rel}","templated":true}]}}